{"version":"1.0","provider_name":"Eir\u00edkur J\u00f3nsson","provider_url":"https:\/\/eirikurjonsson.is","author_name":"eir","author_url":"https:\/\/eirikurjonsson.is\/index.php\/author\/eir\/","title":"FIMMA S\u00c9RA P\u00c9TURS - AFM\u00c6LISBO\u00d0 &#8211; Eir\u00edkur J\u00f3nsson","type":"rich","width":600,"height":338,"html":"<blockquote class=\"wp-embedded-content\" data-secret=\"q1A2ZWG4sz\"><a href=\"https:\/\/eirikurjonsson.is\/index.php\/2026\/05\/03\/fimma-peturs-afmaelisbod\/\">FIMMA S\u00c9RA P\u00c9TURS &#8211; AFM\u00c6LISBO\u00d0<\/a><\/blockquote><iframe sandbox=\"allow-scripts\" security=\"restricted\" src=\"https:\/\/eirikurjonsson.is\/index.php\/2026\/05\/03\/fimma-peturs-afmaelisbod\/embed\/#?secret=q1A2ZWG4sz\" width=\"600\" height=\"338\" title=\"&#8220;FIMMA S\u00c9RA P\u00c9TURS &#8211; AFM\u00c6LISBO\u00d0&#8221; &#8212; Eir\u00edkur J\u00f3nsson\" data-secret=\"q1A2ZWG4sz\" frameborder=\"0\" marginwidth=\"0\" marginheight=\"0\" scrolling=\"no\" class=\"wp-embedded-content\"><\/iframe><script type=\"text\/javascript\">\n\/* <![CDATA[ *\/\n\/*! This file is auto-generated *\/\n!function(d,l){\"use strict\";l.querySelector&&d.addEventListener&&\"undefined\"!=typeof URL&&(d.wp=d.wp||{},d.wp.receiveEmbedMessage||(d.wp.receiveEmbedMessage=function(e){var t=e.data;if((t||t.secret||t.message||t.value)&&!\/[^a-zA-Z0-9]\/.test(t.secret)){for(var s,r,n,a=l.querySelectorAll('iframe[data-secret=\"'+t.secret+'\"]'),o=l.querySelectorAll('blockquote[data-secret=\"'+t.secret+'\"]'),c=new RegExp(\"^https?:$\",\"i\"),i=0;i<o.length;i++)o[i].style.display=\"none\";for(i=0;i<a.length;i++)s=a[i],e.source===s.contentWindow&&(s.removeAttribute(\"style\"),\"height\"===t.message?(1e3<(r=parseInt(t.value,10))?r=1e3:~~r<200&&(r=200),s.height=r):\"link\"===t.message&&(r=new URL(s.getAttribute(\"src\")),n=new URL(t.value),c.test(n.protocol))&&n.host===r.host&&l.activeElement===s&&(d.top.location.href=t.value))}},d.addEventListener(\"message\",d.wp.receiveEmbedMessage,!1),l.addEventListener(\"DOMContentLoaded\",function(){for(var e,t,s=l.querySelectorAll(\"iframe.wp-embedded-content\"),r=0;r<s.length;r++)(t=(e=s[r]).getAttribute(\"data-secret\"))||(t=Math.random().toString(36).substring(2,12),e.src+=\"#?secret=\"+t,e.setAttribute(\"data-secret\",t)),e.contentWindow.postMessage({message:\"ready\",secret:t},\"*\")},!1)))}(window,document);\n\/\/# sourceURL=https:\/\/eirikurjonsson.is\/wp-includes\/js\/wp-embed.min.js\n\/* ]]> *\/\n<\/script>\n","thumbnail_url":"https:\/\/eirikurjonsson.is\/wp-content\/uploads\/2026\/05\/afmaelibod.jpg","thumbnail_width":1440,"thumbnail_height":1190,"description":"P\u00e9tur \u00deorsetinssin fyrrum prestur \u00d3h\u00e1\u00f0a safna\u00f0arins ver\u00f0ur 71 \u00e1rs 5. ma\u00ed og fimman er honum hugleikin eins og fram kemur \u00ed afm\u00e6lisbo\u00f0skorti hans: &#8222;\u00deann fimmta fimmta, fimmt\u00edu og fimm, klukkann fimm \u00ed fimm, \u00e1 fimmta glasi, vi\u00f0 fimmta mann og \u00e1 fimmtudegi fyrir 71 \u00e1ri s\u00ed\u00f0an, f\u00e6ddist s\u00e9ra P\u00e9tur \u00deorsteinsson. \u00deann fimmta fimmta n\u00e6stkomandi, ver\u00f0ur [&hellip;]"}