{"version":"1.0","provider_name":"Eir\u00edkur J\u00f3nsson","provider_url":"https:\/\/eirikurjonsson.is","author_name":"eir","author_url":"https:\/\/eirikurjonsson.is\/index.php\/author\/eir\/","title":"HRAFNHILDUR INGA OG HIMINBL\u00c1MINN &#8211; Eir\u00edkur J\u00f3nsson","type":"rich","width":600,"height":338,"html":"<blockquote class=\"wp-embedded-content\" data-secret=\"WgyU1MS3IW\"><a href=\"https:\/\/eirikurjonsson.is\/index.php\/2025\/11\/09\/hrafnhildur-inga-og-himinblaminn\/\">HRAFNHILDUR INGA OG HIMINBL\u00c1MINN<\/a><\/blockquote><iframe sandbox=\"allow-scripts\" security=\"restricted\" src=\"https:\/\/eirikurjonsson.is\/index.php\/2025\/11\/09\/hrafnhildur-inga-og-himinblaminn\/embed\/#?secret=WgyU1MS3IW\" width=\"600\" height=\"338\" title=\"&#8220;HRAFNHILDUR INGA OG HIMINBL\u00c1MINN&#8221; &#8212; Eir\u00edkur J\u00f3nsson\" data-secret=\"WgyU1MS3IW\" frameborder=\"0\" marginwidth=\"0\" marginheight=\"0\" scrolling=\"no\" class=\"wp-embedded-content\"><\/iframe><script type=\"text\/javascript\">\n\/* <![CDATA[ *\/\n\/*! This file is auto-generated *\/\n!function(d,l){\"use strict\";l.querySelector&&d.addEventListener&&\"undefined\"!=typeof URL&&(d.wp=d.wp||{},d.wp.receiveEmbedMessage||(d.wp.receiveEmbedMessage=function(e){var t=e.data;if((t||t.secret||t.message||t.value)&&!\/[^a-zA-Z0-9]\/.test(t.secret)){for(var s,r,n,a=l.querySelectorAll('iframe[data-secret=\"'+t.secret+'\"]'),o=l.querySelectorAll('blockquote[data-secret=\"'+t.secret+'\"]'),c=new RegExp(\"^https?:$\",\"i\"),i=0;i<o.length;i++)o[i].style.display=\"none\";for(i=0;i<a.length;i++)s=a[i],e.source===s.contentWindow&&(s.removeAttribute(\"style\"),\"height\"===t.message?(1e3<(r=parseInt(t.value,10))?r=1e3:~~r<200&&(r=200),s.height=r):\"link\"===t.message&&(r=new URL(s.getAttribute(\"src\")),n=new URL(t.value),c.test(n.protocol))&&n.host===r.host&&l.activeElement===s&&(d.top.location.href=t.value))}},d.addEventListener(\"message\",d.wp.receiveEmbedMessage,!1),l.addEventListener(\"DOMContentLoaded\",function(){for(var e,t,s=l.querySelectorAll(\"iframe.wp-embedded-content\"),r=0;r<s.length;r++)(t=(e=s[r]).getAttribute(\"data-secret\"))||(t=Math.random().toString(36).substring(2,12),e.src+=\"#?secret=\"+t,e.setAttribute(\"data-secret\",t)),e.contentWindow.postMessage({message:\"ready\",secret:t},\"*\")},!1)))}(window,document);\n\/\/# sourceURL=https:\/\/eirikurjonsson.is\/wp-includes\/js\/wp-embed.min.js\n\/* ]]> *\/\n<\/script>\n","thumbnail_url":"https:\/\/eirikurjonsson.is\/wp-content\/uploads\/2025\/11\/hrarafnhildir.jpg","thumbnail_width":1479,"thumbnail_height":1303,"description":"Hrafnhildur Inga Sigur\u00f0ard\u00f3ttir myndlistarkona \u00far Flj\u00f3tshl\u00ed\u00f0 opna\u00f0i m\u00e1lverkas\u00fdningu \u00ed Galler\u00ed Fold \u00e1 Rau\u00f0ar\u00e1rst\u00edg \u00ed g\u00e6r a\u00f0 v\u00f0st\u00f6ddu fj\u00f6lmenni. \u00dearna voru Gu\u00f0mundur \u00c1rni Stef\u00e1nsson fyrrum sendiherra \u00e1 Indlandi, Da\u00f0i Gu\u00f0bj\u00f6rnsson myndlistarma\u00f0ur og s\u00e9ra \u00d6nundur Bj\u00f6rnsson fyrrum prestur \u00ed Flj\u00f3tshl\u00ed\u00f0 svo einhverjur s\u00e9u nefndir S\u00fdningin stendur til 29. n\u00f3vember og er augnayndi."}