{"version":"1.0","provider_name":"Eir\u00edkur J\u00f3nsson","provider_url":"https:\/\/eirikurjonsson.is","author_name":"eir","author_url":"https:\/\/eirikurjonsson.is\/index.php\/author\/eir\/","title":"VI\u00d0BYGGING GLEYPIR H\u00daS BJARKAR \u00c1 GRETTISG\u00d6TU &#8211; Eir\u00edkur J\u00f3nsson","type":"rich","width":600,"height":338,"html":"<blockquote class=\"wp-embedded-content\" data-secret=\"cOKFI7Jl1N\"><a href=\"https:\/\/eirikurjonsson.is\/index.php\/2025\/01\/16\/vidbygging-gleypir-hus-bjarkar-a-grettisgotu\/\">VI\u00d0BYGGING GLEYPIR H\u00daS BJARKAR \u00c1 GRETTISG\u00d6TU<\/a><\/blockquote><iframe sandbox=\"allow-scripts\" security=\"restricted\" src=\"https:\/\/eirikurjonsson.is\/index.php\/2025\/01\/16\/vidbygging-gleypir-hus-bjarkar-a-grettisgotu\/embed\/#?secret=cOKFI7Jl1N\" width=\"600\" height=\"338\" title=\"&#8220;VI\u00d0BYGGING GLEYPIR H\u00daS BJARKAR \u00c1 GRETTISG\u00d6TU&#8221; &#8212; Eir\u00edkur J\u00f3nsson\" data-secret=\"cOKFI7Jl1N\" frameborder=\"0\" marginwidth=\"0\" marginheight=\"0\" scrolling=\"no\" class=\"wp-embedded-content\"><\/iframe><script type=\"text\/javascript\">\n\/* <![CDATA[ *\/\n\/*! This file is auto-generated *\/\n!function(d,l){\"use strict\";l.querySelector&&d.addEventListener&&\"undefined\"!=typeof URL&&(d.wp=d.wp||{},d.wp.receiveEmbedMessage||(d.wp.receiveEmbedMessage=function(e){var t=e.data;if((t||t.secret||t.message||t.value)&&!\/[^a-zA-Z0-9]\/.test(t.secret)){for(var s,r,n,a=l.querySelectorAll('iframe[data-secret=\"'+t.secret+'\"]'),o=l.querySelectorAll('blockquote[data-secret=\"'+t.secret+'\"]'),c=new RegExp(\"^https?:$\",\"i\"),i=0;i<o.length;i++)o[i].style.display=\"none\";for(i=0;i<a.length;i++)s=a[i],e.source===s.contentWindow&&(s.removeAttribute(\"style\"),\"height\"===t.message?(1e3<(r=parseInt(t.value,10))?r=1e3:~~r<200&&(r=200),s.height=r):\"link\"===t.message&&(r=new URL(s.getAttribute(\"src\")),n=new URL(t.value),c.test(n.protocol))&&n.host===r.host&&l.activeElement===s&&(d.top.location.href=t.value))}},d.addEventListener(\"message\",d.wp.receiveEmbedMessage,!1),l.addEventListener(\"DOMContentLoaded\",function(){for(var e,t,s=l.querySelectorAll(\"iframe.wp-embedded-content\"),r=0;r<s.length;r++)(t=(e=s[r]).getAttribute(\"data-secret\"))||(t=Math.random().toString(36).substring(2,12),e.src+=\"#?secret=\"+t,e.setAttribute(\"data-secret\",t)),e.contentWindow.postMessage({message:\"ready\",secret:t},\"*\")},!1)))}(window,document);\n\/\/# sourceURL=https:\/\/eirikurjonsson.is\/wp-includes\/js\/wp-embed.min.js\n\/* ]]> *\/\n<\/script>\n","thumbnail_url":"https:\/\/eirikurjonsson.is\/wp-content\/uploads\/2025\/01\/bjork-hus-1-scaled.jpg","thumbnail_width":2539,"thumbnail_height":2560,"description":"Engu er l\u00edkara en vi\u00f0bygging vi\u00f0 gamalt timburh\u00fas \u00e1 Grettisg\u00f6tu 40 s\u00e9 hreinlega a\u00f0 gleypa \u00fea\u00f0 fr\u00e1 g\u00f6tu s\u00e9\u00f0. Gamla h\u00fasi\u00f0 var eitt sinn \u00ed eigu s\u00faperstj\u00f6rnunnar Bjarkar Gu\u00f0mundsd\u00f3ttur en h\u00fan seldi \u00fea\u00f0 fyrir nokkrum \u00e1rum &#8211; sj\u00e1 h\u00e9r. St\u00f3r l\u00f3\u00f0 fylgdi gamla h\u00fasinu og \u00fear hafa n\u00fdir eigendur fengi\u00f0 leyfi til a\u00f0 byggja myndarlega [&hellip;]"}