{"version":"1.0","provider_name":"Eir\u00edkur J\u00f3nsson","provider_url":"https:\/\/eirikurjonsson.is","author_name":"eir","author_url":"https:\/\/eirikurjonsson.is\/index.php\/author\/eir\/","title":"VER\u00d0UR BJARNI BEN KLAPPA\u00d0UR UPP - AFTUR? &#8211; Eir\u00edkur J\u00f3nsson","type":"rich","width":600,"height":338,"html":"<blockquote class=\"wp-embedded-content\" data-secret=\"2Xj7TBQmcd\"><a href=\"https:\/\/eirikurjonsson.is\/index.php\/2025\/01\/07\/vrdur-bjarni-ben-klappadur-upp-aftur\/\">VER\u00d0UR BJARNI BEN KLAPPA\u00d0UR UPP &#8211; AFTUR?<\/a><\/blockquote><iframe sandbox=\"allow-scripts\" security=\"restricted\" src=\"https:\/\/eirikurjonsson.is\/index.php\/2025\/01\/07\/vrdur-bjarni-ben-klappadur-upp-aftur\/embed\/#?secret=2Xj7TBQmcd\" width=\"600\" height=\"338\" title=\"&#8220;VER\u00d0UR BJARNI BEN KLAPPA\u00d0UR UPP &#8211; AFTUR?&#8221; &#8212; Eir\u00edkur J\u00f3nsson\" data-secret=\"2Xj7TBQmcd\" frameborder=\"0\" marginwidth=\"0\" marginheight=\"0\" scrolling=\"no\" class=\"wp-embedded-content\"><\/iframe><script type=\"text\/javascript\">\n\/* <![CDATA[ *\/\n\/*! This file is auto-generated *\/\n!function(d,l){\"use strict\";l.querySelector&&d.addEventListener&&\"undefined\"!=typeof URL&&(d.wp=d.wp||{},d.wp.receiveEmbedMessage||(d.wp.receiveEmbedMessage=function(e){var t=e.data;if((t||t.secret||t.message||t.value)&&!\/[^a-zA-Z0-9]\/.test(t.secret)){for(var s,r,n,a=l.querySelectorAll('iframe[data-secret=\"'+t.secret+'\"]'),o=l.querySelectorAll('blockquote[data-secret=\"'+t.secret+'\"]'),c=new RegExp(\"^https?:$\",\"i\"),i=0;i<o.length;i++)o[i].style.display=\"none\";for(i=0;i<a.length;i++)s=a[i],e.source===s.contentWindow&&(s.removeAttribute(\"style\"),\"height\"===t.message?(1e3<(r=parseInt(t.value,10))?r=1e3:~~r<200&&(r=200),s.height=r):\"link\"===t.message&&(r=new URL(s.getAttribute(\"src\")),n=new URL(t.value),c.test(n.protocol))&&n.host===r.host&&l.activeElement===s&&(d.top.location.href=t.value))}},d.addEventListener(\"message\",d.wp.receiveEmbedMessage,!1),l.addEventListener(\"DOMContentLoaded\",function(){for(var e,t,s=l.querySelectorAll(\"iframe.wp-embedded-content\"),r=0;r<s.length;r++)(t=(e=s[r]).getAttribute(\"data-secret\"))||(t=Math.random().toString(36).substring(2,12),e.src+=\"#?secret=\"+t,e.setAttribute(\"data-secret\",t)),e.contentWindow.postMessage({message:\"ready\",secret:t},\"*\")},!1)))}(window,document);\n\/\/# sourceURL=https:\/\/eirikurjonsson.is\/wp-includes\/js\/wp-embed.min.js\n\/* ]]> *\/\n<\/script>\n","thumbnail_url":"https:\/\/eirikurjonsson.is\/wp-content\/uploads\/2025\/01\/bjarni-ben.jpg","thumbnail_width":960,"thumbnail_height":720,"description":"Borist hefur p\u00f3stur: &#8211; Sagt er a\u00f0 ekki s\u00e9 allt sem s\u00fdnist var\u00f0andi brotthvarf Bjarna Ben \u00far \u00edslenskri p\u00f3lit\u00edk. Bjarni hefur tilkynnt a\u00f0 hann taki s\u00e9r n\u00fa nokkurra vikna fr\u00ed og m\u00e6ti svo \u00e1 landsfund Sj\u00e1lfst\u00e6\u00f0isflokksins til a\u00f0 ganga fr\u00e1 s\u00ednum m\u00e1lum en landsfundurinn ver\u00f0ur einmitt haldin eftir nokkrar vikur. Sagt er a\u00f0 \u00e1 me\u00f0an [&hellip;]"}