{"version":"1.0","provider_name":"Eir\u00edkur J\u00f3nsson","provider_url":"https:\/\/eirikurjonsson.is","author_name":"eir","author_url":"https:\/\/eirikurjonsson.is\/index.php\/author\/eir\/","title":"HVERT FARA EKKI UNGIR STR\u00c1KAR \u00c1 G\u00d3\u00d0UM B\u00cdL? &#8211; Eir\u00edkur J\u00f3nsson","type":"rich","width":600,"height":338,"html":"<blockquote class=\"wp-embedded-content\" data-secret=\"DRFTzXwkSz\"><a href=\"https:\/\/eirikurjonsson.is\/index.php\/2024\/08\/06\/hvert-fara-ekki-ungir-strakar-a-godum-bil\/\">HVERT FARA EKKI UNGIR STR\u00c1KAR \u00c1 G\u00d3\u00d0UM B\u00cdL?<\/a><\/blockquote><iframe sandbox=\"allow-scripts\" security=\"restricted\" src=\"https:\/\/eirikurjonsson.is\/index.php\/2024\/08\/06\/hvert-fara-ekki-ungir-strakar-a-godum-bil\/embed\/#?secret=DRFTzXwkSz\" width=\"600\" height=\"338\" title=\"&#8220;HVERT FARA EKKI UNGIR STR\u00c1KAR \u00c1 G\u00d3\u00d0UM B\u00cdL?&#8221; &#8212; Eir\u00edkur J\u00f3nsson\" data-secret=\"DRFTzXwkSz\" frameborder=\"0\" marginwidth=\"0\" marginheight=\"0\" scrolling=\"no\" class=\"wp-embedded-content\"><\/iframe><script type=\"text\/javascript\">\n\/* <![CDATA[ *\/\n\/*! This file is auto-generated *\/\n!function(d,l){\"use strict\";l.querySelector&&d.addEventListener&&\"undefined\"!=typeof URL&&(d.wp=d.wp||{},d.wp.receiveEmbedMessage||(d.wp.receiveEmbedMessage=function(e){var t=e.data;if((t||t.secret||t.message||t.value)&&!\/[^a-zA-Z0-9]\/.test(t.secret)){for(var s,r,n,a=l.querySelectorAll('iframe[data-secret=\"'+t.secret+'\"]'),o=l.querySelectorAll('blockquote[data-secret=\"'+t.secret+'\"]'),c=new RegExp(\"^https?:$\",\"i\"),i=0;i<o.length;i++)o[i].style.display=\"none\";for(i=0;i<a.length;i++)s=a[i],e.source===s.contentWindow&&(s.removeAttribute(\"style\"),\"height\"===t.message?(1e3<(r=parseInt(t.value,10))?r=1e3:~~r<200&&(r=200),s.height=r):\"link\"===t.message&&(r=new URL(s.getAttribute(\"src\")),n=new URL(t.value),c.test(n.protocol))&&n.host===r.host&&l.activeElement===s&&(d.top.location.href=t.value))}},d.addEventListener(\"message\",d.wp.receiveEmbedMessage,!1),l.addEventListener(\"DOMContentLoaded\",function(){for(var e,t,s=l.querySelectorAll(\"iframe.wp-embedded-content\"),r=0;r<s.length;r++)(t=(e=s[r]).getAttribute(\"data-secret\"))||(t=Math.random().toString(36).substring(2,12),e.src+=\"#?secret=\"+t,e.setAttribute(\"data-secret\",t)),e.contentWindow.postMessage({message:\"ready\",secret:t},\"*\")},!1)))}(window,document);\n\/\/# sourceURL=https:\/\/eirikurjonsson.is\/wp-includes\/js\/wp-embed.min.js\n\/* ]]> *\/\n<\/script>\n","thumbnail_url":"https:\/\/eirikurjonsson.is\/wp-content\/uploads\/2024\/08\/godurbill.png","thumbnail_width":459,"thumbnail_height":383,"description":"\u00dea\u00f0 leit allt \u00fat fyrir \u00fea\u00f0 a\u00f0 vegurinn hafi veri\u00f0 vondur en hvert fara ekki ungir str\u00e1kar \u00e1 g\u00f3\u00f0um b\u00edl. \u00dea\u00f0 var laugardag einn fyrir 65 \u00e1rum s\u00ed\u00f0an sem \u00feessir menn st\u00f3\u00f0u \u00fearna. Dagurinn var 4. j\u00fal\u00ed \u00e1ri\u00f0 1959 sem \u00feessir ungu menn l\u00f6g\u00f0u af sta\u00f0 fr\u00e1 Reykjav\u00edk til Akureyrar. \u00deessir menn h\u00e9tu A\u00f0alsteinn J\u00fal\u00edusson [&hellip;]"}