{"version":"1.0","provider_name":"Eir\u00edkur J\u00f3nsson","provider_url":"https:\/\/eirikurjonsson.is","author_name":"eir","author_url":"https:\/\/eirikurjonsson.is\/index.php\/author\/eir\/","title":"MINNINGARATH\u00d6FN OG ERFIDRYKKJA SVENNA \u00c1 M\u00d3NAK\u00d3 &#8211; Eir\u00edkur J\u00f3nsson","type":"rich","width":600,"height":338,"html":"<blockquote class=\"wp-embedded-content\" data-secret=\"4RPvuyfuiP\"><a href=\"https:\/\/eirikurjonsson.is\/index.php\/2024\/07\/12\/minningarathofn-og-erfidrykkja-svenna-a-monako\/\">MINNINGARATH\u00d6FN OG ERFIDRYKKJA SVENNA \u00c1 M\u00d3NAK\u00d3<\/a><\/blockquote><iframe sandbox=\"allow-scripts\" security=\"restricted\" src=\"https:\/\/eirikurjonsson.is\/index.php\/2024\/07\/12\/minningarathofn-og-erfidrykkja-svenna-a-monako\/embed\/#?secret=4RPvuyfuiP\" width=\"600\" height=\"338\" title=\"&#8220;MINNINGARATH\u00d6FN OG ERFIDRYKKJA SVENNA \u00c1 M\u00d3NAK\u00d3&#8221; &#8212; Eir\u00edkur J\u00f3nsson\" data-secret=\"4RPvuyfuiP\" frameborder=\"0\" marginwidth=\"0\" marginheight=\"0\" scrolling=\"no\" class=\"wp-embedded-content\"><\/iframe><script type=\"text\/javascript\">\n\/* <![CDATA[ *\/\n\/*! This file is auto-generated *\/\n!function(d,l){\"use strict\";l.querySelector&&d.addEventListener&&\"undefined\"!=typeof URL&&(d.wp=d.wp||{},d.wp.receiveEmbedMessage||(d.wp.receiveEmbedMessage=function(e){var t=e.data;if((t||t.secret||t.message||t.value)&&!\/[^a-zA-Z0-9]\/.test(t.secret)){for(var s,r,n,a=l.querySelectorAll('iframe[data-secret=\"'+t.secret+'\"]'),o=l.querySelectorAll('blockquote[data-secret=\"'+t.secret+'\"]'),c=new RegExp(\"^https?:$\",\"i\"),i=0;i<o.length;i++)o[i].style.display=\"none\";for(i=0;i<a.length;i++)s=a[i],e.source===s.contentWindow&&(s.removeAttribute(\"style\"),\"height\"===t.message?(1e3<(r=parseInt(t.value,10))?r=1e3:~~r<200&&(r=200),s.height=r):\"link\"===t.message&&(r=new URL(s.getAttribute(\"src\")),n=new URL(t.value),c.test(n.protocol))&&n.host===r.host&&l.activeElement===s&&(d.top.location.href=t.value))}},d.addEventListener(\"message\",d.wp.receiveEmbedMessage,!1),l.addEventListener(\"DOMContentLoaded\",function(){for(var e,t,s=l.querySelectorAll(\"iframe.wp-embedded-content\"),r=0;r<s.length;r++)(t=(e=s[r]).getAttribute(\"data-secret\"))||(t=Math.random().toString(36).substring(2,12),e.src+=\"#?secret=\"+t,e.setAttribute(\"data-secret\",t)),e.contentWindow.postMessage({message:\"ready\",secret:t},\"*\")},!1)))}(window,document);\n\/\/# sourceURL=https:\/\/eirikurjonsson.is\/wp-includes\/js\/wp-embed.min.js\n\/* ]]> *\/\n<\/script>\n","thumbnail_url":"https:\/\/eirikurjonsson.is\/wp-content\/uploads\/2024\/07\/MINNING.jpg","thumbnail_width":1228,"thumbnail_height":1358,"description":"Sveinn Reynir Sigurj\u00f3nsson, \u00feekktur karakter \u00ed mannl\u00edfsfl\u00f3ru mi\u00f0borgar Reykjav\u00edkur, l\u00e9st flestum a\u00f0 \u00f3v\u00f6rum fyrir nokkrum d\u00f6gum. Minningarath\u00f6fn og erfidrykkja ver\u00f0ur \u00e1 barnum M\u00f3nak\u00f3 \u00e1 Laugavegi \u00e1 morgun, e\u00f0a eins og segir \u00ed tilkynningu fr\u00e1 vinum hans: &#8222;Okkar \u00e1stk\u00e6ri Svenni ver\u00f0ur jar\u00f0a\u00f0ur \u00ed kyrr\u00feey. H\u00f6fum vi\u00f0 \u00fev\u00ed \u00e1kve\u00f0i\u00f0 a\u00f0 halda erfidrykkju \u00e1 upp\u00e1halds barnum hans M\u00f3nak\u00f3. [&hellip;]"}