{"version":"1.0","provider_name":"Eir\u00edkur J\u00f3nsson","provider_url":"https:\/\/eirikurjonsson.is","author_name":"eir","author_url":"https:\/\/eirikurjonsson.is\/index.php\/author\/eir\/","title":"JOE SN\u00ddR ALDRI OG REYNSLU S\u00c9R \u00cd HAG &#8211; Eir\u00edkur J\u00f3nsson","type":"rich","width":600,"height":338,"html":"<blockquote class=\"wp-embedded-content\" data-secret=\"GEhdK8PXW9\"><a href=\"https:\/\/eirikurjonsson.is\/index.php\/2024\/03\/06\/joe-snyr-aldri-og-reynslu-ser-i-hag\/\">JOE SN\u00ddR ALDRI OG REYNSLU S\u00c9R \u00cd HAG<\/a><\/blockquote><iframe sandbox=\"allow-scripts\" security=\"restricted\" src=\"https:\/\/eirikurjonsson.is\/index.php\/2024\/03\/06\/joe-snyr-aldri-og-reynslu-ser-i-hag\/embed\/#?secret=GEhdK8PXW9\" width=\"600\" height=\"338\" title=\"&#8220;JOE SN\u00ddR ALDRI OG REYNSLU S\u00c9R \u00cd HAG&#8221; &#8212; Eir\u00edkur J\u00f3nsson\" data-secret=\"GEhdK8PXW9\" frameborder=\"0\" marginwidth=\"0\" marginheight=\"0\" scrolling=\"no\" class=\"wp-embedded-content\"><\/iframe><script type=\"text\/javascript\">\n\/* <![CDATA[ *\/\n\/*! This file is auto-generated *\/\n!function(d,l){\"use strict\";l.querySelector&&d.addEventListener&&\"undefined\"!=typeof URL&&(d.wp=d.wp||{},d.wp.receiveEmbedMessage||(d.wp.receiveEmbedMessage=function(e){var t=e.data;if((t||t.secret||t.message||t.value)&&!\/[^a-zA-Z0-9]\/.test(t.secret)){for(var s,r,n,a=l.querySelectorAll('iframe[data-secret=\"'+t.secret+'\"]'),o=l.querySelectorAll('blockquote[data-secret=\"'+t.secret+'\"]'),c=new RegExp(\"^https?:$\",\"i\"),i=0;i<o.length;i++)o[i].style.display=\"none\";for(i=0;i<a.length;i++)s=a[i],e.source===s.contentWindow&&(s.removeAttribute(\"style\"),\"height\"===t.message?(1e3<(r=parseInt(t.value,10))?r=1e3:~~r<200&&(r=200),s.height=r):\"link\"===t.message&&(r=new URL(s.getAttribute(\"src\")),n=new URL(t.value),c.test(n.protocol))&&n.host===r.host&&l.activeElement===s&&(d.top.location.href=t.value))}},d.addEventListener(\"message\",d.wp.receiveEmbedMessage,!1),l.addEventListener(\"DOMContentLoaded\",function(){for(var e,t,s=l.querySelectorAll(\"iframe.wp-embedded-content\"),r=0;r<s.length;r++)(t=(e=s[r]).getAttribute(\"data-secret\"))||(t=Math.random().toString(36).substring(2,12),e.src+=\"#?secret=\"+t,e.setAttribute(\"data-secret\",t)),e.contentWindow.postMessage({message:\"ready\",secret:t},\"*\")},!1)))}(window,document);\n\/\/# sourceURL=https:\/\/eirikurjonsson.is\/wp-includes\/js\/wp-embed.min.js\n\/* ]]> *\/\n<\/script>\n","thumbnail_url":"https:\/\/eirikurjonsson.is\/wp-content\/uploads\/2024\/03\/biden.gif","thumbnail_width":448,"thumbnail_height":252,"description":"Hv\u00edta h\u00fasi\u00f0 er a\u00f0 sn\u00faa v\u00f6rn \u00ed s\u00f3kn var\u00f0andi gagnr\u00fdni \u00e1 aldur Joe Biden forseta, sem ver\u00f0ur 82 \u00e1ra \u00e1 \u00feessu \u00e1ri, n\u00fa \u00feegar stefnir \u00ed kosningaslag \u00e1 milli hans og Donald Trumps. \u00cdtreka\u00f0 hefur veri\u00f0 v\u00edsa\u00f0 til forsetans sem \u201eeldri manns sem er farinn a\u00f0 missa minni\u00f0 en vill vel\u201c. N\u00fa segja r\u00e1\u00f0gjafar hans [&hellip;]"}